{"id":20,"date":"2018-12-23T13:34:29","date_gmt":"2018-12-23T12:34:29","guid":{"rendered":"https:\/\/www.atr-compta.fr\/?page_id=20"},"modified":"2025-03-18T16:50:04","modified_gmt":"2025-03-18T15:50:04","slug":"nos-tarifs","status":"publish","type":"page","link":"https:\/\/www.atr-compta.fr\/index.php\/nos-tarifs\/","title":{"rendered":"Nos Tarifs"},"content":{"rendered":"<div class=\"wpb-content-wrapper\"><p>[vc_row css_animation=\u00a0\u00bb\u00a0\u00bb row_type=\u00a0\u00bbrow\u00a0\u00bb use_row_as_full_screen_section=\u00a0\u00bbno\u00a0\u00bb type=\u00a0\u00bbfull_width\u00a0\u00bb angled_section=\u00a0\u00bbno\u00a0\u00bb text_align=\u00a0\u00bbleft\u00a0\u00bb background_image_as_pattern=\u00a0\u00bbwithout_pattern\u00a0\u00bb css=\u00a0\u00bb.vc_custom_1547119100861{padding-top: 50px !important;}\u00a0\u00bb z_index=\u00a0\u00bb\u00a0\u00bb][vc_column][vc_column_text css=\u00a0\u00bb\u00a0\u00bb]<\/p>\n<h1 style=\"font-weight: bold; color: #1c768f; text-align: center;\">Packs Comptabilit\u00e9<\/h1>\n<p>[\/vc_column_text][\/vc_column][\/vc_row][vc_row css_animation=\u00a0\u00bb\u00a0\u00bb row_type=\u00a0\u00bbrow\u00a0\u00bb use_row_as_full_screen_section=\u00a0\u00bbno\u00a0\u00bb type=\u00a0\u00bbgrid\u00a0\u00bb angled_section=\u00a0\u00bbyes\u00a0\u00bb angled_section_position=\u00a0\u00bbbottom\u00a0\u00bb angled_section_direction=\u00a0\u00bbfrom_left_to_right\u00a0\u00bb text_align=\u00a0\u00bbleft\u00a0\u00bb background_image_as_pattern=\u00a0\u00bbwithout_pattern\u00a0\u00bb css=\u00a0\u00bb.vc_custom_1547119125224{padding-top: 32px !important;padding-bottom: 50px !important;}\u00a0\u00bb z_index=\u00a0\u00bb\u00a0\u00bb][vc_column][qode_pricing_tables columns=\u00a0\u00bbthree_columns\u00a0\u00bb][qode_pricing_table title=\u00a0\u00bbPack Gestion Comptable &amp; Fiscale Sur Mesure\u00a0\u00bb title_tag_standard=\u00a0\u00bbh2&Prime; show_button=\u00a0\u00bbyes\u00a0\u00bb target=\u00a0\u00bb_blank\u00a0\u00bb button_size=\u00a0\u00bbmedium\u00a0\u00bb active=\u00a0\u00bbno\u00a0\u00bb price=\u00a0\u00bb50 \u20ac\u00a0\u00bb currency=\u00a0\u00bbD\u00e9s\u00a0\u00bb price_period=\u00a0\u00bbH.T \/ mois\u00a0\u00bb button_text=\u00a0\u00bbNous contacter\u00a0\u00bb link=\u00a0\u00bbhttps:\/\/www.atr-compta.fr\/index.php\/contactez-nous\/\u00a0\u00bb]<\/p>\n<h3 class=\"elementor-heading-title elementor-size-default\">SCI\/LMNP &amp; autres activit\u00e9s immobili\u00e8res<\/h3>\n<p>&nbsp;<\/p>\n<p class=\"price-info\">\u2713 Saisie comptable<br \/>\n\u2713 D\u00e9clarations fiscales p\u00e9riodiques<br \/>\n\u2713 Comptable d\u00e9di\u00e9<br \/>\n\u2713 Bilan et liasse fiscale<br \/>\n\u2713 Acc\u00e8s \u00e0 votre application mobile comptable<br \/>\n\u2713 Conseils<\/p>\n<p>[\/qode_pricing_table][qode_pricing_table title=\u00a0\u00bbPack BNC\u00a0\u00bb title_tag_standard=\u00a0\u00bbh2&Prime; show_button=\u00a0\u00bbyes\u00a0\u00bb target=\u00a0\u00bb_blank\u00a0\u00bb button_size=\u00a0\u00bbmedium\u00a0\u00bb active=\u00a0\u00bbno\u00a0\u00bb price=\u00a0\u00bb100 \u20ac\u00a0\u00bb currency=\u00a0\u00bbD\u00e9s\u00a0\u00bb price_period=\u00a0\u00bbH.T \/ mois\u00a0\u00bb button_text=\u00a0\u00bbNous contacter\u00a0\u00bb link=\u00a0\u00bbhttps:\/\/www.atr-compta.fr\/index.php\/contactez-nous\/\u00a0\u00bb]<\/p>\n<h3 class=\"elementor-heading-title elementor-size-default\">Activit\u00e9s m\u00e9dicales et autres professions lib\u00e9rales<\/h3>\n<p class=\"price-info\">\u2713 Saisie comptable<br \/>\n\u2713 D\u00e9clarations fiscales p\u00e9riodiques<br \/>\n\u2713 Comptable d\u00e9di\u00e9<br \/>\n\u2713 Liasse fiscale<br \/>\n\u2713 D\u00e9claration sociale annuelle (DS PAMC \/ DSFU)<br \/>\n\u2713 Acc\u00e8s \u00e0 votre application mobile comptable<br \/>\n\u2713 Conseils<\/p>\n<p>[\/qode_pricing_table][qode_pricing_table title=\u00a0\u00bbPack Gestion Comptable &amp; Fiscale\u00a0\u00bb title_tag_standard=\u00a0\u00bbh2&Prime; show_button=\u00a0\u00bbyes\u00a0\u00bb target=\u00a0\u00bb_blank\u00a0\u00bb button_size=\u00a0\u00bbmedium\u00a0\u00bb active=\u00a0\u00bbno\u00a0\u00bb price=\u00a0\u00bb190 \u20ac\u00a0\u00bb currency=\u00a0\u00bbD\u00e9s\u00a0\u00bb price_period=\u00a0\u00bbH.T \/ mois\u00a0\u00bb button_text=\u00a0\u00bbNous contacter\u00a0\u00bb link=\u00a0\u00bbhttps:\/\/www.atr-compta.fr\/index.php\/contactez-nous\/\u00a0\u00bb]<\/p>\n<h3 class=\"elementor-heading-title elementor-size-default\">TPE\/PME<\/h3>\n<p>&nbsp;<\/p>\n<p class=\"price-info\">\u2713 Saisie comptable<br \/>\n\u2713 D\u00e9clarations fiscales p\u00e9riodiques<br \/>\n\u2713 Comptable d\u00e9di\u00e9<br \/>\n\u2713 Liasse fiscale<br \/>\n\u2713 Comptes annuels<br \/>\n\u2713 Acc\u00e8s \u00e0 votre application mobile comptable<br \/>\n\u2713 Conseils<\/p>\n<p>[\/qode_pricing_table][\/qode_pricing_tables][\/vc_column][\/vc_row][vc_row css_animation=\u00a0\u00bb\u00a0\u00bb row_type=\u00a0\u00bbrow\u00a0\u00bb use_row_as_full_screen_section=\u00a0\u00bbno\u00a0\u00bb type=\u00a0\u00bbgrid\u00a0\u00bb angled_section=\u00a0\u00bbyes\u00a0\u00bb angled_section_position=\u00a0\u00bbbottom\u00a0\u00bb angled_section_direction=\u00a0\u00bbfrom_left_to_right\u00a0\u00bb text_align=\u00a0\u00bbleft\u00a0\u00bb background_image_as_pattern=\u00a0\u00bbwith_pattern\u00a0\u00bb row_negative_margin=\u00a0\u00bbdisable_negative_margin\u00a0\u00bb background_color=\u00a0\u00bb#FFFFFF\u00a0\u00bb border_color=\u00a0\u00bb#FFFFFF\u00a0\u00bb css=\u00a0\u00bb.vc_custom_1732116070717{padding-top: 32px !important;padding-right: 32px !important;padding-bottom: 32px !important;padding-left: 32px !important;background-color: #ffffff !important;}\u00a0\u00bb z_index=\u00a0\u00bb\u00a0\u00bb][vc_column][vc_empty_space][vc_column_text css=\u00a0\u00bb\u00a0\u00bb]<\/p>\n<h1 style=\"font-weight: bold; color: #1c768f; text-align: center;\">Packs social<\/h1>\n<p>[\/vc_column_text][vc_empty_space][qode_pricing_tables columns=\u00a0\u00bbthree_columns\u00a0\u00bb][qode_pricing_table title=\u00a0\u00bbPack contrat de Travail\u00a0\u00bb title_tag_standard=\u00a0\u00bbh2&Prime; show_button=\u00a0\u00bbyes\u00a0\u00bb target=\u00a0\u00bb_blank\u00a0\u00bb button_size=\u00a0\u00bbmedium\u00a0\u00bb active=\u00a0\u00bbno\u00a0\u00bb price=\u00a0\u00bb100 \u20ac\u00a0\u00bb currency=\u00a0\u00bbD\u00e8s\u00a0\u00bb button_text=\u00a0\u00bbNous contacter\u00a0\u00bb link=\u00a0\u00bbhttps:\/\/www.atr-compta.fr\/index.php\/contactez-nous\/\u00a0\u00bb]<\/p>\n<h3 class=\"elementor-heading-title elementor-size-default\">HT \/ Contrat<\/h3>\n<ul class=\"price-info\">\n<li><u>CONTRAT CLASSIQUE :<\/u><\/li>\n<\/ul>\n<p class=\"price-info\">\u2713 R\u00e9daction du contrat de travail<br \/>\n\u2713 DPAE<\/p>\n<ul class=\"price-info\">\n<li><u>CONTRAT D&rsquo;APPRENTISSAGE :<\/u><\/li>\n<\/ul>\n<p class=\"price-info\">\u2713 DPAE<br \/>\n\u2713 Contrat d\u2019apprentissage (CERFA)<br \/>\n\u2713 D\u00e9p\u00f4t du dossier aupr\u00e8s de l\u2019op\u00e9rateur de comp\u00e9tences (OPCO)<br \/>\n\u2713 Suivi des aides de financement<\/p>\n<p>[\/qode_pricing_table][qode_pricing_table title=\u00a0\u00bbPack Gestion Sociale\u00a0\u00bb title_tag_standard=\u00a0\u00bbh2&Prime; show_button=\u00a0\u00bbyes\u00a0\u00bb target=\u00a0\u00bb_blank\u00a0\u00bb button_size=\u00a0\u00bbmedium\u00a0\u00bb active=\u00a0\u00bbno\u00a0\u00bb price=\u00a0\u00bb30 \u20ac\u00a0\u00bb currency=\u00a0\u00bbD\u00e8s\u00a0\u00bb button_text=\u00a0\u00bbNous contacter\u00a0\u00bb link=\u00a0\u00bbhttps:\/\/www.atr-compta.fr\/index.php\/contactez-nous\/\u00a0\u00bb]<\/p>\n<h3 class=\"elementor-heading-title elementor-size-default\">HT \/ mois \/ salari\u00e9<\/h3>\n<p>&nbsp;<\/p>\n<p>&nbsp;<\/p>\n<p>&nbsp;<\/p>\n<p class=\"price-info\">\u2713 R\u00e9alisation de fiches de paie sur mesure<br \/>\n\u2713 D\u00e9claration sociale nominative mensuelle<br \/>\naupr\u00e8s des organismes sociaux<br \/>\n\u2713 D\u00e9claration \u00e9v\u00e8nementielles<br \/>\n\u2713 Mise \u00e0 disposition d&rsquo;une plateforme interactive de gestion des ressources humaines<\/p>\n<p>&nbsp;<\/p>\n<p>[\/qode_pricing_table][qode_pricing_table title=\u00a0\u00bbPack Social Premium\u00a0\u00bb title_tag_standard=\u00a0\u00bbh2&Prime; show_button=\u00a0\u00bbyes\u00a0\u00bb target=\u00a0\u00bb_blank\u00a0\u00bb button_size=\u00a0\u00bbmedium\u00a0\u00bb active=\u00a0\u00bbno\u00a0\u00bb price=\u00a0\u00bbDEVIS\u00a0\u00bb currency=\u00a0\u00bbSur\u00a0\u00bb button_text=\u00a0\u00bbNous contacter\u00a0\u00bb link=\u00a0\u00bbhttps:\/\/www.atr-compta.fr\/index.php\/contactez-nous\/\u00a0\u00bb]<\/p>\n<h3 class=\"elementor-heading-title elementor-size-default\">TPE\/PME<\/h3>\n<p>&nbsp;<\/p>\n<p class=\"price-info\">\u2713 R\u00e9daction du contrat de travail<br \/>\n\u2713 DPAE<br \/>\n\u2713 R\u00e9alisation de fiches de paie sur mesures<br \/>\n\u2713 Etablissement d&rsquo;un fichier mensuel de virement de salaire<br \/>\n\u2713 D\u00e9clarations \u00e9v\u00e8nementielles<br \/>\n\u2713 Mise \u00e0 disposition d&rsquo;une plateforme interactive de gestion des ressources humaines<br \/>\n\u2713 Conseils<\/p>\n<p>[\/qode_pricing_table][\/qode_pricing_tables][\/vc_column][\/vc_row][vc_row css_animation=\u00a0\u00bb\u00a0\u00bb row_type=\u00a0\u00bbrow\u00a0\u00bb use_row_as_full_screen_section=\u00a0\u00bbno\u00a0\u00bb type=\u00a0\u00bbgrid\u00a0\u00bb angled_section=\u00a0\u00bbno\u00a0\u00bb text_align=\u00a0\u00bbleft\u00a0\u00bb background_image_as_pattern=\u00a0\u00bbwithout_pattern\u00a0\u00bb row_negative_margin=\u00a0\u00bbdisable_negative_margin\u00a0\u00bb background_color=\u00a0\u00bb#0000005E\u00a0\u00bb border_color=\u00a0\u00bb#FFFFFF\u00a0\u00bb css=\u00a0\u00bb.vc_custom_1732116052800{padding-top: 32px !important;padding-right: 32px !important;padding-bottom: 32px !important;padding-left: 32px !important;background-color: #0000005E !important;}\u00a0\u00bb z_index=\u00a0\u00bb\u00a0\u00bb][vc_column][vc_empty_space][vc_column_text css=\u00a0\u00bb\u00a0\u00bb]<\/p>\n<h1 style=\"font-weight: bold; color: #ffffff; text-align: center;\">Packs Juridique<\/h1>\n<p>[\/vc_column_text][vc_empty_space][qode_pricing_tables columns=\u00a0\u00bbthree_columns\u00a0\u00bb][qode_pricing_table title=\u00a0\u00bbPack juridique standard\u00a0\u00bb title_tag_standard=\u00a0\u00bbh2&Prime; show_button=\u00a0\u00bbyes\u00a0\u00bb target=\u00a0\u00bb_blank\u00a0\u00bb button_size=\u00a0\u00bbmedium\u00a0\u00bb active=\u00a0\u00bbno\u00a0\u00bb price=\u00a0\u00bb500 \u20ac\u00a0\u00bb currency=\u00a0\u00bbD\u00e9s\u00a0\u00bb price_period=\u00a0\u00bbH.T \/ mois\u00a0\u00bb button_text=\u00a0\u00bbNous contacter\u00a0\u00bb link=\u00a0\u00bbhttps:\/\/www.atr-compta.fr\/index.php\/contactez-nous\/\u00a0\u00bb]<\/p>\n<h3 class=\"elementor-heading-title elementor-size-default\">HT \/ Acte<\/h3>\n<p>&nbsp;<\/p>\n<p>&nbsp;<\/p>\n<p class=\"price-info\">\u2713 Accompagnement juridique annuel<br \/>\n\u2713 Assembl\u00e9e g\u00e9n\u00e9rale ordinaire<br \/>\n\u2713 Toute assembl\u00e9es g\u00e9n\u00e9rale de gestion courante<br \/>\n\u2713 Modification statutaires<\/p>\n<p>[\/qode_pricing_table][qode_pricing_table title=\u00a0\u00bbPack Cr\u00e9ation d&rsquo;Entreprise\u00a0\u00bb title_tag_standard=\u00a0\u00bbh2&Prime; show_button=\u00a0\u00bbyes\u00a0\u00bb target=\u00a0\u00bb_blank\u00a0\u00bb button_size=\u00a0\u00bbmedium\u00a0\u00bb active=\u00a0\u00bbno\u00a0\u00bb price=\u00a0\u00bb800 \u20ac\u00a0\u00bb price_period=\u00a0\u00bbH.T \/ mois\u00a0\u00bb button_text=\u00a0\u00bbNous contacter\u00a0\u00bb link=\u00a0\u00bbhttps:\/\/www.atr-compta.fr\/index.php\/contactez-nous\/\u00a0\u00bb currency=\u00a0\u00bbD\u00e9s\u00a0\u00bb]<\/p>\n<h3 class=\"elementor-heading-title elementor-size-default\">HT<\/h3>\n<p>&nbsp;<\/p>\n<p>&nbsp;<\/p>\n<p class=\"price-info\">\u2713 Conseils<br \/>\n\u2713 R\u00e9daction de statuts<br \/>\n\u2713 Enregistrement du dossier au greffe<\/p>\n<p>\u00a0[\/qode_pricing_table][qode_pricing_table title=\u00a0\u00bbPack Cr\u00e9ation d&rsquo;Entreprise Premium\u00a0\u00bb title_tag_standard=\u00a0\u00bbh2&Prime; show_button=\u00a0\u00bbyes\u00a0\u00bb target=\u00a0\u00bb_blank\u00a0\u00bb button_size=\u00a0\u00bbmedium\u00a0\u00bb active=\u00a0\u00bbno\u00a0\u00bb price=\u00a0\u00bbDEVIS\u00a0\u00bb currency=\u00a0\u00bbSur\u00a0\u00bb button_text=\u00a0\u00bbNous contacter\u00a0\u00bb link=\u00a0\u00bbhttps:\/\/www.atr-compta.fr\/index.php\/contactez-nous\/\u00a0\u00bb]<\/p>\n<h3 class=\"elementor-heading-title elementor-size-default\">HT<\/h3>\n<p>&nbsp;<\/p>\n<p class=\"price-info\">\u2713 Conseils<br \/>\n\u2713 R\u00e9daction des statuts<br \/>\n\u2713 Enregistrement du dossier au greffe<br \/>\n\u2713 Bilan pr\u00e9visionnel sur 3 ans<\/p>\n<p>\u00a0[\/qode_pricing_table][\/qode_pricing_tables][\/vc_column][\/vc_row]<\/p>\n<\/div>","protected":false},"excerpt":{"rendered":"<p>[vc_row css_animation=\u00a0\u00bb\u00a0\u00bb row_type=\u00a0\u00bbrow\u00a0\u00bb use_row_as_full_screen_section=\u00a0\u00bbno\u00a0\u00bb type=\u00a0\u00bbfull_width\u00a0\u00bb angled_section=\u00a0\u00bbno\u00a0\u00bb text_align=\u00a0\u00bbleft\u00a0\u00bb background_image_as_pattern=\u00a0\u00bbwithout_pattern\u00a0\u00bb css=\u00a0\u00bb.vc_custom_1547119100861{padding-top: 50px !important;}\u00a0\u00bb z_index=\u00a0\u00bb\u00a0\u00bb][vc_column][vc_column_text css=\u00a0\u00bb\u00a0\u00bb] Packs Comptabilit\u00e9 [\/vc_column_text][\/vc_column][\/vc_row][vc_row css_animation=\u00a0\u00bb\u00a0\u00bb row_type=\u00a0\u00bbrow\u00a0\u00bb use_row_as_full_screen_section=\u00a0\u00bbno\u00a0\u00bb type=\u00a0\u00bbgrid\u00a0\u00bb angled_section=\u00a0\u00bbyes\u00a0\u00bb angled_section_position=\u00a0\u00bbbottom\u00a0\u00bb angled_section_direction=\u00a0\u00bbfrom_left_to_right\u00a0\u00bb text_align=\u00a0\u00bbleft\u00a0\u00bb background_image_as_pattern=\u00a0\u00bbwithout_pattern\u00a0\u00bb css=\u00a0\u00bb.vc_custom_1547119125224{padding-top: 32px !important;padding-bottom: 50px !important;}\u00a0\u00bb z_index=\u00a0\u00bb\u00a0\u00bb][vc_column][qode_pricing_tables columns=\u00a0\u00bbthree_columns\u00a0\u00bb][qode_pricing_table title=\u00a0\u00bbPack Gestion Comptable &amp; Fiscale Sur Mesure\u00a0\u00bb title_tag_standard=\u00a0\u00bbh2&Prime; show_button=\u00a0\u00bbyes\u00a0\u00bb target=\u00a0\u00bb_blank\u00a0\u00bb button_size=\u00a0\u00bbmedium\u00a0\u00bb active=\u00a0\u00bbno\u00a0\u00bb price=\u00a0\u00bb50&#8230;<\/p>\n","protected":false},"author":1,"featured_media":0,"parent":0,"menu_order":0,"comment_status":"closed","ping_status":"closed","template":"full_width.php","meta":{"jetpack_post_was_ever_published":true,"footnotes":""},"class_list":["post-20","page","type-page","status-publish","hentry"],"yoast_head":"<!-- This site is optimized with the Yoast SEO plugin v27.4 - https:\/\/yoast.com\/product\/yoast-seo-wordpress\/ -->\n<title>Nos Tarifs - ATR-Compta<\/title>\n<meta name=\"robots\" content=\"index, follow, max-snippet:-1, max-image-preview:large, max-video-preview:-1\" \/>\n<link rel=\"canonical\" href=\"https:\/\/www.atr-compta.fr\/index.php\/nos-tarifs\/\" \/>\n<meta property=\"og:locale\" content=\"fr_FR\" \/>\n<meta property=\"og:type\" content=\"article\" \/>\n<meta property=\"og:title\" content=\"Nos Tarifs - ATR-Compta\" \/>\n<meta property=\"og:description\" content=\"[vc_row css_animation=\u00a0\u00bb\u00a0\u00bb row_type=\u00a0\u00bbrow\u00a0\u00bb use_row_as_full_screen_section=\u00a0\u00bbno\u00a0\u00bb type=\u00a0\u00bbfull_width\u00a0\u00bb angled_section=\u00a0\u00bbno\u00a0\u00bb text_align=\u00a0\u00bbleft\u00a0\u00bb background_image_as_pattern=\u00a0\u00bbwithout_pattern\u00a0\u00bb css=\u00a0\u00bb.vc_custom_1547119100861{padding-top: 50px !important;}\u00a0\u00bb z_index=\u00a0\u00bb\u00a0\u00bb][vc_column][vc_column_text css=\u00a0\u00bb\u00a0\u00bb] Packs Comptabilit\u00e9 [\/vc_column_text][\/vc_column][\/vc_row][vc_row css_animation=\u00a0\u00bb\u00a0\u00bb row_type=\u00a0\u00bbrow\u00a0\u00bb use_row_as_full_screen_section=\u00a0\u00bbno\u00a0\u00bb type=\u00a0\u00bbgrid\u00a0\u00bb angled_section=\u00a0\u00bbyes\u00a0\u00bb angled_section_position=\u00a0\u00bbbottom\u00a0\u00bb angled_section_direction=\u00a0\u00bbfrom_left_to_right\u00a0\u00bb text_align=\u00a0\u00bbleft\u00a0\u00bb background_image_as_pattern=\u00a0\u00bbwithout_pattern\u00a0\u00bb css=\u00a0\u00bb.vc_custom_1547119125224{padding-top: 32px !important;padding-bottom: 50px !important;}\u00a0\u00bb z_index=\u00a0\u00bb\u00a0\u00bb][vc_column][qode_pricing_tables columns=\u00a0\u00bbthree_columns\u00a0\u00bb][qode_pricing_table title=\u00a0\u00bbPack Gestion Comptable &amp; Fiscale Sur Mesure\u00a0\u00bb title_tag_standard=\u00a0\u00bbh2&Prime; show_button=\u00a0\u00bbyes\u00a0\u00bb target=\u00a0\u00bb_blank\u00a0\u00bb button_size=\u00a0\u00bbmedium\u00a0\u00bb active=\u00a0\u00bbno\u00a0\u00bb price=\u00a0\u00bb50...\" \/>\n<meta property=\"og:url\" content=\"https:\/\/www.atr-compta.fr\/index.php\/nos-tarifs\/\" \/>\n<meta property=\"og:site_name\" content=\"ATR-Compta\" \/>\n<meta property=\"article:modified_time\" content=\"2025-03-18T15:50:04+00:00\" \/>\n<meta name=\"twitter:card\" content=\"summary_large_image\" \/>\n<meta name=\"twitter:label1\" content=\"Dur\u00e9e de lecture estim\u00e9e\" \/>\n\t<meta name=\"twitter:data1\" content=\"3 minutes\" \/>\n<script type=\"application\/ld+json\" class=\"yoast-schema-graph\">{\"@context\":\"https:\\\/\\\/schema.org\",\"@graph\":[{\"@type\":\"WebPage\",\"@id\":\"https:\\\/\\\/www.atr-compta.fr\\\/index.php\\\/nos-tarifs\\\/\",\"url\":\"https:\\\/\\\/www.atr-compta.fr\\\/index.php\\\/nos-tarifs\\\/\",\"name\":\"Nos Tarifs - ATR-Compta\",\"isPartOf\":{\"@id\":\"https:\\\/\\\/www.atr-compta.fr\\\/#website\"},\"datePublished\":\"2018-12-23T12:34:29+00:00\",\"dateModified\":\"2025-03-18T15:50:04+00:00\",\"breadcrumb\":{\"@id\":\"https:\\\/\\\/www.atr-compta.fr\\\/index.php\\\/nos-tarifs\\\/#breadcrumb\"},\"inLanguage\":\"fr-FR\",\"potentialAction\":[{\"@type\":\"ReadAction\",\"target\":[\"https:\\\/\\\/www.atr-compta.fr\\\/index.php\\\/nos-tarifs\\\/\"]}]},{\"@type\":\"BreadcrumbList\",\"@id\":\"https:\\\/\\\/www.atr-compta.fr\\\/index.php\\\/nos-tarifs\\\/#breadcrumb\",\"itemListElement\":[{\"@type\":\"ListItem\",\"position\":1,\"name\":\"Accueil\",\"item\":\"https:\\\/\\\/www.atr-compta.fr\\\/\"},{\"@type\":\"ListItem\",\"position\":2,\"name\":\"Nos Tarifs\"}]},{\"@type\":\"WebSite\",\"@id\":\"https:\\\/\\\/www.atr-compta.fr\\\/#website\",\"url\":\"https:\\\/\\\/www.atr-compta.fr\\\/\",\"name\":\"ATR-Compta\",\"description\":\"Expertise - Conseil - Audit\",\"potentialAction\":[{\"@type\":\"SearchAction\",\"target\":{\"@type\":\"EntryPoint\",\"urlTemplate\":\"https:\\\/\\\/www.atr-compta.fr\\\/?s={search_term_string}\"},\"query-input\":{\"@type\":\"PropertyValueSpecification\",\"valueRequired\":true,\"valueName\":\"search_term_string\"}}],\"inLanguage\":\"fr-FR\"}]}<\/script>\n<!-- \/ Yoast SEO plugin. -->","yoast_head_json":{"title":"Nos Tarifs - ATR-Compta","robots":{"index":"index","follow":"follow","max-snippet":"max-snippet:-1","max-image-preview":"max-image-preview:large","max-video-preview":"max-video-preview:-1"},"canonical":"https:\/\/www.atr-compta.fr\/index.php\/nos-tarifs\/","og_locale":"fr_FR","og_type":"article","og_title":"Nos Tarifs - ATR-Compta","og_description":"[vc_row css_animation=\u00a0\u00bb\u00a0\u00bb row_type=\u00a0\u00bbrow\u00a0\u00bb use_row_as_full_screen_section=\u00a0\u00bbno\u00a0\u00bb type=\u00a0\u00bbfull_width\u00a0\u00bb angled_section=\u00a0\u00bbno\u00a0\u00bb text_align=\u00a0\u00bbleft\u00a0\u00bb background_image_as_pattern=\u00a0\u00bbwithout_pattern\u00a0\u00bb css=\u00a0\u00bb.vc_custom_1547119100861{padding-top: 50px !important;}\u00a0\u00bb z_index=\u00a0\u00bb\u00a0\u00bb][vc_column][vc_column_text css=\u00a0\u00bb\u00a0\u00bb] Packs Comptabilit\u00e9 [\/vc_column_text][\/vc_column][\/vc_row][vc_row css_animation=\u00a0\u00bb\u00a0\u00bb row_type=\u00a0\u00bbrow\u00a0\u00bb use_row_as_full_screen_section=\u00a0\u00bbno\u00a0\u00bb type=\u00a0\u00bbgrid\u00a0\u00bb angled_section=\u00a0\u00bbyes\u00a0\u00bb angled_section_position=\u00a0\u00bbbottom\u00a0\u00bb angled_section_direction=\u00a0\u00bbfrom_left_to_right\u00a0\u00bb text_align=\u00a0\u00bbleft\u00a0\u00bb background_image_as_pattern=\u00a0\u00bbwithout_pattern\u00a0\u00bb css=\u00a0\u00bb.vc_custom_1547119125224{padding-top: 32px !important;padding-bottom: 50px !important;}\u00a0\u00bb z_index=\u00a0\u00bb\u00a0\u00bb][vc_column][qode_pricing_tables columns=\u00a0\u00bbthree_columns\u00a0\u00bb][qode_pricing_table title=\u00a0\u00bbPack Gestion Comptable &amp; Fiscale Sur Mesure\u00a0\u00bb title_tag_standard=\u00a0\u00bbh2&Prime; show_button=\u00a0\u00bbyes\u00a0\u00bb target=\u00a0\u00bb_blank\u00a0\u00bb button_size=\u00a0\u00bbmedium\u00a0\u00bb active=\u00a0\u00bbno\u00a0\u00bb price=\u00a0\u00bb50...","og_url":"https:\/\/www.atr-compta.fr\/index.php\/nos-tarifs\/","og_site_name":"ATR-Compta","article_modified_time":"2025-03-18T15:50:04+00:00","twitter_card":"summary_large_image","twitter_misc":{"Dur\u00e9e de lecture estim\u00e9e":"3 minutes"},"schema":{"@context":"https:\/\/schema.org","@graph":[{"@type":"WebPage","@id":"https:\/\/www.atr-compta.fr\/index.php\/nos-tarifs\/","url":"https:\/\/www.atr-compta.fr\/index.php\/nos-tarifs\/","name":"Nos Tarifs - ATR-Compta","isPartOf":{"@id":"https:\/\/www.atr-compta.fr\/#website"},"datePublished":"2018-12-23T12:34:29+00:00","dateModified":"2025-03-18T15:50:04+00:00","breadcrumb":{"@id":"https:\/\/www.atr-compta.fr\/index.php\/nos-tarifs\/#breadcrumb"},"inLanguage":"fr-FR","potentialAction":[{"@type":"ReadAction","target":["https:\/\/www.atr-compta.fr\/index.php\/nos-tarifs\/"]}]},{"@type":"BreadcrumbList","@id":"https:\/\/www.atr-compta.fr\/index.php\/nos-tarifs\/#breadcrumb","itemListElement":[{"@type":"ListItem","position":1,"name":"Accueil","item":"https:\/\/www.atr-compta.fr\/"},{"@type":"ListItem","position":2,"name":"Nos Tarifs"}]},{"@type":"WebSite","@id":"https:\/\/www.atr-compta.fr\/#website","url":"https:\/\/www.atr-compta.fr\/","name":"ATR-Compta","description":"Expertise - Conseil - Audit","potentialAction":[{"@type":"SearchAction","target":{"@type":"EntryPoint","urlTemplate":"https:\/\/www.atr-compta.fr\/?s={search_term_string}"},"query-input":{"@type":"PropertyValueSpecification","valueRequired":true,"valueName":"search_term_string"}}],"inLanguage":"fr-FR"}]}},"jetpack_sharing_enabled":true,"jetpack_shortlink":"https:\/\/wp.me\/PaDF4d-k","jetpack_likes_enabled":true,"_links":{"self":[{"href":"https:\/\/www.atr-compta.fr\/index.php\/wp-json\/wp\/v2\/pages\/20","targetHints":{"allow":["GET"]}}],"collection":[{"href":"https:\/\/www.atr-compta.fr\/index.php\/wp-json\/wp\/v2\/pages"}],"about":[{"href":"https:\/\/www.atr-compta.fr\/index.php\/wp-json\/wp\/v2\/types\/page"}],"author":[{"embeddable":true,"href":"https:\/\/www.atr-compta.fr\/index.php\/wp-json\/wp\/v2\/users\/1"}],"replies":[{"embeddable":true,"href":"https:\/\/www.atr-compta.fr\/index.php\/wp-json\/wp\/v2\/comments?post=20"}],"version-history":[{"count":37,"href":"https:\/\/www.atr-compta.fr\/index.php\/wp-json\/wp\/v2\/pages\/20\/revisions"}],"predecessor-version":[{"id":492,"href":"https:\/\/www.atr-compta.fr\/index.php\/wp-json\/wp\/v2\/pages\/20\/revisions\/492"}],"wp:attachment":[{"href":"https:\/\/www.atr-compta.fr\/index.php\/wp-json\/wp\/v2\/media?parent=20"}],"curies":[{"name":"wp","href":"https:\/\/api.w.org\/{rel}","templated":true}]}}